{"id":3880,"date":"2022-04-25T17:04:20","date_gmt":"2022-04-25T15:04:20","guid":{"rendered":"https:\/\/fundacionaliciakoplowitz.org\/?page_id=3880"},"modified":"2022-06-17T13:06:45","modified_gmt":"2022-06-17T11:06:45","slug":"testimonios","status":"publish","type":"page","link":"https:\/\/fundacionaliciakoplowitz.org\/en\/the-foundation\/testimonios\/","title":{"rendered":"Testimonials"},"content":{"rendered":"\t\t<div data-elementor-type=\"wp-page\" data-elementor-id=\"3880\" class=\"elementor elementor-3880 elementor-3417\" data-elementor-post-type=\"page\">\n\t\t\t\t\t\t<section class=\"elementor-section elementor-top-section elementor-element elementor-element-1ff9729 elementor-section-height-min-height elementor-section-boxed elementor-section-height-default elementor-section-items-middle\" data-id=\"1ff9729\" data-element_type=\"section\" data-e-type=\"section\" data-settings=\"{&quot;background_background&quot;:&quot;classic&quot;}\">\n\t\t\t\t\t\t\t<div class=\"elementor-background-overlay\"><\/div>\n\t\t\t\t\t\t\t<div class=\"elementor-container elementor-column-gap-no\">\n\t\t\t\t\t<div class=\"elementor-column elementor-col-100 elementor-top-column elementor-element elementor-element-c04f73b\" data-id=\"c04f73b\" data-element_type=\"column\" data-e-type=\"column\">\n\t\t\t<div class=\"elementor-widget-wrap elementor-element-populated\">\n\t\t\t\t\t\t<div class=\"elementor-element elementor-element-73e1435 elementor-widget__width-initial elementor-widget-tablet__width-initial elementor-widget-mobile__width-inherit elementor-headline--style-rotate elementor-invisible elementor-widget elementor-widget-animated-headline\" data-id=\"73e1435\" data-element_type=\"widget\" data-e-type=\"widget\" data-settings=\"{&quot;rotating_text&quot;:&quot;Testimonials&quot;,&quot;headline_style&quot;:&quot;rotate&quot;,&quot;animation_type&quot;:&quot;swirl&quot;,&quot;_animation&quot;:&quot;fadeIn&quot;,&quot;_animation_delay&quot;:200,&quot;rotate_iteration_delay&quot;:2500}\" data-widget_type=\"animated-headline.default\">\n\t\t\t\t<div class=\"elementor-widget-container\">\n\t\t\t\t\t\t\t<h1 class=\"elementor-headline elementor-headline-animation-type-swirl elementor-headline-letters\">\n\t\t\t\t\t<span class=\"elementor-headline-plain-text elementor-headline-text-wrapper\"> <\/span>\n\t\t\t\t<span class=\"elementor-headline-dynamic-wrapper elementor-headline-text-wrapper\">\n\t\t\t\t\t<span class=\"elementor-headline-dynamic-text elementor-headline-text-active\">\n\t\t\t\tTestimonials\t\t\t<\/span>\n\t\t\t\t\t\t<\/span>\n\t\t\t\t<\/h1>\n\t\t\t\t\t\t<\/div>\n\t\t\t\t<\/div>\n\t\t\t\t\t<\/div>\n\t\t<\/div>\n\t\t\t\t\t<\/div>\n\t\t<\/section>\n\t\t\t\t<section class=\"elementor-section elementor-top-section elementor-element elementor-element-b8caec1 elementor-section-boxed elementor-section-height-default elementor-section-height-default\" data-id=\"b8caec1\" data-element_type=\"section\" data-e-type=\"section\">\n\t\t\t\t\t\t<div class=\"elementor-container elementor-column-gap-default\">\n\t\t\t\t\t<div class=\"elementor-column elementor-col-33 elementor-top-column elementor-element elementor-element-8680c86\" data-id=\"8680c86\" data-element_type=\"column\" data-e-type=\"column\">\n\t\t\t<div class=\"elementor-widget-wrap elementor-element-populated\">\n\t\t\t\t\t\t<div class=\"elementor-element elementor-element-837f429 elementor-widget elementor-widget-heading\" data-id=\"837f429\" data-element_type=\"widget\" data-e-type=\"widget\" data-settings=\"{&quot;motion_fx_motion_fx_scrolling&quot;:&quot;yes&quot;,&quot;motion_fx_devices&quot;:[&quot;desktop&quot;,&quot;tablet&quot;,&quot;mobile&quot;]}\" data-widget_type=\"heading.default\">\n\t\t\t\t<div class=\"elementor-widget-container\">\n\t\t\t\t\t<h2 class=\"elementor-heading-title elementor-size-default\">espero quedarme el tiempo que necesite<\/h2>\t\t\t\t<\/div>\n\t\t\t\t<\/div>\n\t\t\t\t<div class=\"elementor-element elementor-element-173ed7a elementor-widget elementor-widget-image\" data-id=\"173ed7a\" data-element_type=\"widget\" data-e-type=\"widget\" data-settings=\"{&quot;motion_fx_motion_fx_scrolling&quot;:&quot;yes&quot;,&quot;motion_fx_devices&quot;:[&quot;desktop&quot;,&quot;tablet&quot;,&quot;mobile&quot;]}\" data-widget_type=\"image.default\">\n\t\t\t\t<div class=\"elementor-widget-container\">\n\t\t\t\t\t\t\t\t\t\t\t\t\t\t\t<img fetchpriority=\"high\" decoding=\"async\" width=\"1024\" height=\"735\" src=\"https:\/\/fundacionaliciakoplowitz.org\/wp-content\/uploads\/2020\/11\/0049-1024x735.jpg\" class=\"attachment-large size-large wp-image-1586\" alt=\"rodrigo\" srcset=\"https:\/\/fundacionaliciakoplowitz.org\/wp-content\/uploads\/2020\/11\/0049-1024x735.jpg 1024w, https:\/\/fundacionaliciakoplowitz.org\/wp-content\/uploads\/2020\/11\/0049-300x215.jpg 300w, https:\/\/fundacionaliciakoplowitz.org\/wp-content\/uploads\/2020\/11\/0049-768x551.jpg 768w, https:\/\/fundacionaliciakoplowitz.org\/wp-content\/uploads\/2020\/11\/0049-1536x1102.jpg 1536w, https:\/\/fundacionaliciakoplowitz.org\/wp-content\/uploads\/2020\/11\/0049-2048x1470.jpg 2048w\" sizes=\"(max-width: 1024px) 100vw, 1024px\" \/>\t\t\t\t\t\t\t\t\t\t\t\t\t\t\t<\/div>\n\t\t\t\t<\/div>\n\t\t\t\t\t<\/div>\n\t\t<\/div>\n\t\t\t\t<div class=\"elementor-column elementor-col-66 elementor-top-column elementor-element elementor-element-70b9a69\" data-id=\"70b9a69\" data-element_type=\"column\" data-e-type=\"column\">\n\t\t\t<div class=\"elementor-widget-wrap elementor-element-populated\">\n\t\t\t\t\t\t<div class=\"elementor-element elementor-element-92fb338 elementor-widget elementor-widget-text-editor\" data-id=\"92fb338\" data-element_type=\"widget\" data-e-type=\"widget\" data-widget_type=\"text-editor.default\">\n\t\t\t\t<div class=\"elementor-widget-container\">\n\t\t\t\t\t\t\t\t\t<p><strong>Rodrigo, 14 a\u00f1os<\/strong><\/p>\n<p>\u201cMi vida en la Fundaci\u00f3n empez\u00f3 cuando entr\u00e9 a vivir en el hogar de Nador, en el centro de Madrid, con mis dos hermanas, Andrea y Adriana. All\u00ed jugaba, iba a la guarder\u00eda&#8230; no me faltaba de nada. Dos o tres a\u00f1os despu\u00e9s me tuve que mudar a un hogar en Pozuelo de Alarc\u00f3n, donde hab\u00eda cinco ni\u00f1os nuevos. Con el que mejor me llevaba era con Isaac. Dorm\u00edamos en la misma habitaci\u00f3n, jugaba al f\u00fatbol con \u00e9l e \u00edbamos al mismo colegio.<\/p>\n<p>Las educadoras eran dos monjas, Ana Mar\u00eda y Ana Bel\u00e9n, y con ellas estuvimos dos o tres a\u00f1os. Despu\u00e9s llegaron Rober y Cris, que adem\u00e1s ven\u00edan con sus hijas Estrella y Mikaela, e hicimos un mont\u00f3n de cosas con ellos. Rober de vez en cuando tra\u00eda pel\u00edculas que ve\u00edamos durante la cena y con Cris hac\u00edamos tartas para los cumplea\u00f1os y empanadas de jam\u00f3n y queso.<\/p>\n<p>En H\u00famera hice la catequesis. All\u00ed celebr\u00e9 mi primera comuni\u00f3n y vino mucha gente. Tambi\u00e9n tuve ocasi\u00f3n de conocer a muchos voluntarios que nos llevaban a sitios estupendos y que nos ayudaban en los deberes del cole, nos aclaraban las dudas que pod\u00edamos tener y nos llevaban a sus casas para que conoci\u00e9ramos a sus familias. Me acuerdo de Bego\u00f1a, con la que me llevaba fenomenal, de Luisa, de Beltr\u00e1n&#8230; Gracias a ellos pudimos ir al zoo o al hip\u00f3dromo y hacer muchas cosas que se sal\u00edan de nuestra vida normal. El d\u00eda de mi primera comuni\u00f3n mont\u00e9 \u00a1en un coche deportivo!<\/p>\n<p>En vacaciones, \u00edbamos con Rober y Cris a Galicia, porque eran gallegos. Una vez fuimos a Ver\u00edn, en Ourense, a una casa con piscina, y antes de ir me enter\u00e9 de que mam\u00e1 estaba en la c\u00e1rcel, y eso me entristeci\u00f3 mucho. Despu\u00e9s de Ver\u00edn nos mudamos otra vez al hogar de Nador y fui al colegio Claret.<\/p>\n<p>En Navidad tambi\u00e9n \u00edbamos de vacaciones a Galicia. Me acuerdo que una vez fuimos a Sanxenxo, y me atropell\u00f3 un coche por no mirar, y otro a\u00f1o estuvimos en Gondomar. Me acuerdo muy bien porque ese a\u00f1o me regalaron un tel\u00e9fono m\u00f3vil. En las \u00faltimas Navidades, las de 2017, nos quedamos en Madrid porque ten\u00eda que estudiar. Seguro que vale la pena, porque espero aprobar el curso.<\/p>\n<p>Y de momento sigo aqu\u00ed en la Fundaci\u00f3n, y pienso quedarme el tiempo que necesite. Espero escribir la segunda parte de esta historia, que la habr\u00e1\u201d.<\/p>\n\t\t\t\t\t\t\t\t<\/div>\n\t\t\t\t<\/div>\n\t\t\t\t\t<\/div>\n\t\t<\/div>\n\t\t\t\t\t<\/div>\n\t\t<\/section>\n\t\t\t\t<section class=\"elementor-section elementor-top-section elementor-element elementor-element-13c0381 elementor-section-boxed elementor-section-height-default elementor-section-height-default\" data-id=\"13c0381\" data-element_type=\"section\" data-e-type=\"section\">\n\t\t\t\t\t\t<div class=\"elementor-container elementor-column-gap-default\">\n\t\t\t\t\t<div class=\"elementor-column elementor-col-33 elementor-top-column elementor-element elementor-element-edbad9b\" data-id=\"edbad9b\" data-element_type=\"column\" data-e-type=\"column\">\n\t\t\t<div class=\"elementor-widget-wrap elementor-element-populated\">\n\t\t\t\t\t\t<div class=\"elementor-element elementor-element-d56be65 elementor-widget elementor-widget-heading\" data-id=\"d56be65\" data-element_type=\"widget\" data-e-type=\"widget\" data-settings=\"{&quot;motion_fx_motion_fx_scrolling&quot;:&quot;yes&quot;,&quot;motion_fx_devices&quot;:[&quot;desktop&quot;,&quot;tablet&quot;,&quot;mobile&quot;]}\" data-widget_type=\"heading.default\">\n\t\t\t\t<div class=\"elementor-widget-container\">\n\t\t\t\t\t<h2 class=\"elementor-heading-title elementor-size-default\">en ese momento yo ya sab\u00eda que quer\u00eda estar en la fundaci\u00f3n<\/h2>\t\t\t\t<\/div>\n\t\t\t\t<\/div>\n\t\t\t\t<div class=\"elementor-element elementor-element-7d4d9a8 elementor-widget elementor-widget-image\" data-id=\"7d4d9a8\" data-element_type=\"widget\" data-e-type=\"widget\" data-settings=\"{&quot;motion_fx_motion_fx_scrolling&quot;:&quot;yes&quot;,&quot;motion_fx_devices&quot;:[&quot;desktop&quot;,&quot;tablet&quot;,&quot;mobile&quot;]}\" data-widget_type=\"image.default\">\n\t\t\t\t<div class=\"elementor-widget-container\">\n\t\t\t\t\t\t\t\t\t\t\t\t\t\t\t<img decoding=\"async\" width=\"768\" height=\"1024\" src=\"https:\/\/fundacionaliciakoplowitz.org\/wp-content\/uploads\/2020\/11\/335-768x1024.jpg\" class=\"attachment-large size-large wp-image-1583\" alt=\"andrea\" srcset=\"https:\/\/fundacionaliciakoplowitz.org\/wp-content\/uploads\/2020\/11\/335-768x1024.jpg 768w, https:\/\/fundacionaliciakoplowitz.org\/wp-content\/uploads\/2020\/11\/335-225x300.jpg 225w, https:\/\/fundacionaliciakoplowitz.org\/wp-content\/uploads\/2020\/11\/335-1152x1536.jpg 1152w, https:\/\/fundacionaliciakoplowitz.org\/wp-content\/uploads\/2020\/11\/335-1536x2048.jpg 1536w, https:\/\/fundacionaliciakoplowitz.org\/wp-content\/uploads\/2020\/11\/335-scaled.jpg 1920w\" sizes=\"(max-width: 768px) 100vw, 768px\" \/>\t\t\t\t\t\t\t\t\t\t\t\t\t\t\t<\/div>\n\t\t\t\t<\/div>\n\t\t\t\t\t<\/div>\n\t\t<\/div>\n\t\t\t\t<div class=\"elementor-column elementor-col-66 elementor-top-column elementor-element elementor-element-a040ae1\" data-id=\"a040ae1\" data-element_type=\"column\" data-e-type=\"column\">\n\t\t\t<div class=\"elementor-widget-wrap elementor-element-populated\">\n\t\t\t\t\t\t<div class=\"elementor-element elementor-element-733abd5 elementor-widget elementor-widget-text-editor\" data-id=\"733abd5\" data-element_type=\"widget\" data-e-type=\"widget\" data-widget_type=\"text-editor.default\">\n\t\t\t\t<div class=\"elementor-widget-container\">\n\t\t\t\t\t\t\t\t\t<p><strong>Andrea, 17 a\u00f1os<\/strong><\/p>\n<p>\u201cMi vida ha estado siempre llena de cambios. La primera vez que entr\u00e9 en un hogar de la Fundaci\u00f3n Alicia Koplowitz fue en 2004. Los educadores se llamaban Ana y Sasa. Mientras tanto, mi madre y mi padre ven\u00edan a visitarnos de vez en cuando y nos llevaban al parque. En 2008 conocimos a los que llamo mis padrinos. Mi hermana y yo nos fuimos un mes a M\u00e1laga con ellos y fue la primera vez que pasamos un buen verano. Desde ese momento nos vemos por lo menos una vez al mes. Ese mismo a\u00f1o nos cambiamos de hogar a otro donde hab\u00eda cinco ni\u00f1os m\u00e1s. Era la primera vez que viv\u00eda con tantos ni\u00f1os.<\/p>\n<p>En un momento dado, mi madre desapareci\u00f3 del mapa, mi padre se fue a Bolivia y perdimos todo tipo de contacto con mi familia. Fue como si se hubiesen olvidado completamente de nosotros. Pero no me import\u00f3 mucho. En 2010 vinieron al hogar como educadores Rober y Cris con sus hijas Mikaela y Estrella. Fue un gran cambio ya que nos trataban a todos por igual. Poco despu\u00e9s mi madre apareci\u00f3 de nuevo. Hab\u00eda tenido otra hija (Fabiana se llamaba) y Rober nos llev\u00f3 a Valencia para poder verlas. Pero en ese momento yo ya sab\u00eda que quer\u00eda estar en la Fundaci\u00f3n.<\/p>\n<p>Pasaron unos meses y mi mam\u00e1 volvi\u00f3 a Madrid y empezamos a vernos m\u00e1s a menudo. Lo raro era que cada vez que nos ve\u00edamos se gastaba unos 400 euros, y teniendo en cuenta que no ten\u00eda trabajo yo empec\u00e9 a sospechar de la forma en la que consegu\u00eda tanto dinero.<\/p>\n<p>En septiembre de 2012 mi abuela muri\u00f3. Su muerte signific\u00f3 un cambio en mi familia ya que era la \u00fanica que la manten\u00eda unida. El verano siguiente naci\u00f3 Luc\u00eda, mi hermana peque\u00f1a, y yo pens\u00e9 que todo empezaba a ir bien para mi madre, pero a finales de 2014 Paz, la psic\u00f3loga de la Fundaci\u00f3n, nos dijo que nuestra madre estaba en la c\u00e1rcel por tr\u00e1fico de drogas.<\/p>\n<p>En 2015 nos volvimos a cambiar de hogar. Eso supuso un cambio de colegio lo que hizo que conociese a mis amigos de ahora. Ya llevamos casi tres a\u00f1os en este hogar y he mejorado much\u00edsimo mi relaci\u00f3n con mi madre, he terminado la ESO y estoy acabando Bachillerato. El a\u00f1o que viene empezar\u00e9 en la Universidad para estudiar ingenier\u00eda mec\u00e1nica\u201d<\/p>\n\t\t\t\t\t\t\t\t<\/div>\n\t\t\t\t<\/div>\n\t\t\t\t\t<\/div>\n\t\t<\/div>\n\t\t\t\t\t<\/div>\n\t\t<\/section>\n\t\t\t\t<section class=\"elementor-section elementor-top-section elementor-element elementor-element-86d21a0 elementor-section-boxed elementor-section-height-default elementor-section-height-default\" data-id=\"86d21a0\" data-element_type=\"section\" data-e-type=\"section\">\n\t\t\t\t\t\t<div class=\"elementor-container elementor-column-gap-default\">\n\t\t\t\t\t<div class=\"elementor-column elementor-col-33 elementor-top-column elementor-element elementor-element-3f6af8b\" data-id=\"3f6af8b\" data-element_type=\"column\" data-e-type=\"column\">\n\t\t\t<div class=\"elementor-widget-wrap elementor-element-populated\">\n\t\t\t\t\t\t<div class=\"elementor-element elementor-element-a5bfe83 elementor-widget elementor-widget-heading\" data-id=\"a5bfe83\" data-element_type=\"widget\" data-e-type=\"widget\" data-settings=\"{&quot;motion_fx_motion_fx_scrolling&quot;:&quot;yes&quot;,&quot;motion_fx_devices&quot;:[&quot;desktop&quot;,&quot;tablet&quot;,&quot;mobile&quot;]}\" data-widget_type=\"heading.default\">\n\t\t\t\t<div class=\"elementor-widget-container\">\n\t\t\t\t\t<h2 class=\"elementor-heading-title elementor-size-default\">\"\u00bfc\u00f3mo se distingue lo malo de lo bueno?\"<\/h2>\t\t\t\t<\/div>\n\t\t\t\t<\/div>\n\t\t\t\t<div class=\"elementor-element elementor-element-b0deba5 elementor-widget elementor-widget-image\" data-id=\"b0deba5\" data-element_type=\"widget\" data-e-type=\"widget\" data-settings=\"{&quot;motion_fx_motion_fx_scrolling&quot;:&quot;yes&quot;,&quot;motion_fx_devices&quot;:[&quot;desktop&quot;,&quot;tablet&quot;,&quot;mobile&quot;]}\" data-widget_type=\"image.default\">\n\t\t\t\t<div class=\"elementor-widget-container\">\n\t\t\t\t\t\t\t\t\t\t\t\t\t\t\t<img decoding=\"async\" width=\"843\" height=\"1024\" src=\"https:\/\/fundacionaliciakoplowitz.org\/wp-content\/uploads\/2020\/09\/0050-1-843x1024.jpg\" class=\"attachment-large size-large wp-image-1580\" alt=\"nerea\" srcset=\"https:\/\/fundacionaliciakoplowitz.org\/wp-content\/uploads\/2020\/09\/0050-1-843x1024.jpg 843w, https:\/\/fundacionaliciakoplowitz.org\/wp-content\/uploads\/2020\/09\/0050-1-247x300.jpg 247w, https:\/\/fundacionaliciakoplowitz.org\/wp-content\/uploads\/2020\/09\/0050-1-768x933.jpg 768w, https:\/\/fundacionaliciakoplowitz.org\/wp-content\/uploads\/2020\/09\/0050-1-1264x1536.jpg 1264w, https:\/\/fundacionaliciakoplowitz.org\/wp-content\/uploads\/2020\/09\/0050-1-1686x2048.jpg 1686w\" sizes=\"(max-width: 843px) 100vw, 843px\" \/>\t\t\t\t\t\t\t\t\t\t\t\t\t\t\t<\/div>\n\t\t\t\t<\/div>\n\t\t\t\t\t<\/div>\n\t\t<\/div>\n\t\t\t\t<div class=\"elementor-column elementor-col-66 elementor-top-column elementor-element elementor-element-3e86c25\" data-id=\"3e86c25\" data-element_type=\"column\" data-e-type=\"column\">\n\t\t\t<div class=\"elementor-widget-wrap elementor-element-populated\">\n\t\t\t\t\t\t<div class=\"elementor-element elementor-element-ae99124 elementor-widget elementor-widget-text-editor\" data-id=\"ae99124\" data-element_type=\"widget\" data-e-type=\"widget\" data-widget_type=\"text-editor.default\">\n\t\t\t\t<div class=\"elementor-widget-container\">\n\t\t\t\t\t\t\t\t\t<p><strong>Nerea, 11 a\u00f1os<\/strong><\/p>\n<p>Reflexi\u00f3n de Nerea (11 a\u00f1os).<\/p>\n<p>Le pregunt\u00f3 Sof\u00eda a su madre. Mira, es muy f\u00e1cil, s\u00f3lo tienes que hacer una pregunta: \u00bfmam\u00e1 har\u00eda esto? Y si lo hiciera, pues es que est\u00e1 bien, si no, seguramnete no est\u00e1 bien, y si tienes dudas me lo preguntas. \u00bfVale mi amor? Dijo la madre acariciando a su hija. Vale mam\u00e1. Esta escena fue presenciada por Gabriela, que estaba invitada a cenar en casa de Sof\u00eda.<\/p>\n<p>Gabriela pensaba que ser\u00eda para siempre amiga de Sof\u00eda, porque a ella siempre le faltaba el consejo cari\u00f1oso de su madre.<\/p>\n<p>Su madre se march\u00f3 por le mundo cuando a\u00fan era muy peque\u00f1a, y todos los d\u00edas a\u00f1oraba su presencia. Todo lo que dec\u00eda la madre de Sof\u00eda, ella se lo tomaba como si fuesen palabras de su propia madre.<\/p>\n\t\t\t\t\t\t\t\t<\/div>\n\t\t\t\t<\/div>\n\t\t\t\t\t<\/div>\n\t\t<\/div>\n\t\t\t\t\t<\/div>\n\t\t<\/section>\n\t\t\t\t<\/div>\n\t\t","protected":false},"excerpt":{"rendered":"<p>Testimonials espero quedarme el tiempo que necesite Rodrigo, 14 a\u00f1os \u201cMi vida en la Fundaci\u00f3n empez\u00f3 cuando entr\u00e9 a vivir en el hogar de Nador, en el centro de Madrid, con mis dos hermanas, Andrea y Adriana. All\u00ed jugaba, iba a la guarder\u00eda&#8230; no me faltaba de nada. Dos o tres a\u00f1os despu\u00e9s me tuve [&hellip;]<\/p>\n","protected":false},"author":2,"featured_media":0,"parent":3848,"menu_order":0,"comment_status":"closed","ping_status":"closed","template":"","meta":{"site-sidebar-layout":"no-sidebar","site-content-layout":"page-builder","ast-site-content-layout":"default","site-content-style":"default","site-sidebar-style":"default","ast-global-header-display":"","ast-banner-title-visibility":"","ast-main-header-display":"","ast-hfb-above-header-display":"","ast-hfb-below-header-display":"","ast-hfb-mobile-header-display":"","site-post-title":"disabled","ast-breadcrumbs-content":"","ast-featured-img":"disabled","footer-sml-layout":"","ast-disable-related-posts":"","theme-transparent-header-meta":"default","adv-header-id-meta":"","stick-header-meta":"","header-above-stick-meta":"","header-main-stick-meta":"","header-below-stick-meta":"","astra-migrate-meta-layouts":"default","ast-page-background-enabled":"default","ast-page-background-meta":{"desktop":{"background-color":"var(--ast-global-color-4)","background-image":"","background-repeat":"repeat","background-position":"center center","background-size":"auto","background-attachment":"scroll","background-type":"","background-media":"","overlay-type":"","overlay-color":"","overlay-opacity":"","overlay-gradient":""},"tablet":{"background-color":"","background-image":"","background-repeat":"repeat","background-position":"center center","background-size":"auto","background-attachment":"scroll","background-type":"","background-media":"","overlay-type":"","overlay-color":"","overlay-opacity":"","overlay-gradient":""},"mobile":{"background-color":"","background-image":"","background-repeat":"repeat","background-position":"center center","background-size":"auto","background-attachment":"scroll","background-type":"","background-media":"","overlay-type":"","overlay-color":"","overlay-opacity":"","overlay-gradient":""}},"ast-content-background-meta":{"desktop":{"background-color":"var(--ast-global-color-5)","background-image":"","background-repeat":"repeat","background-position":"center center","background-size":"auto","background-attachment":"scroll","background-type":"","background-media":"","overlay-type":"","overlay-color":"","overlay-opacity":"","overlay-gradient":""},"tablet":{"background-color":"var(--ast-global-color-5)","background-image":"","background-repeat":"repeat","background-position":"center center","background-size":"auto","background-attachment":"scroll","background-type":"","background-media":"","overlay-type":"","overlay-color":"","overlay-opacity":"","overlay-gradient":""},"mobile":{"background-color":"var(--ast-global-color-5)","background-image":"","background-repeat":"repeat","background-position":"center center","background-size":"auto","background-attachment":"scroll","background-type":"","background-media":"","overlay-type":"","overlay-color":"","overlay-opacity":"","overlay-gradient":""}},"footnotes":""},"class_list":["post-3880","page","type-page","status-publish","hentry"],"yoast_head":"<!-- This site is optimized with the Yoast SEO plugin v27.2 - https:\/\/yoast.com\/product\/yoast-seo-wordpress\/ -->\n<title>Testimonials - Alicia Koplowitz Foundation<\/title>\n<meta name=\"robots\" content=\"index, follow, max-snippet:-1, max-image-preview:large, max-video-preview:-1\" \/>\n<link rel=\"canonical\" href=\"https:\/\/fundacionaliciakoplowitz.org\/en\/the-foundation\/testimonios\/\" \/>\n<meta property=\"og:locale\" content=\"en_US\" \/>\n<meta property=\"og:type\" content=\"article\" \/>\n<meta property=\"og:title\" content=\"Testimonials - Alicia Koplowitz Foundation\" \/>\n<meta property=\"og:description\" content=\"Testimonials espero quedarme el tiempo que necesite Rodrigo, 14 a\u00f1os \u201cMi vida en la Fundaci\u00f3n empez\u00f3 cuando entr\u00e9 a vivir en el hogar de Nador, en el centro de Madrid, con mis dos hermanas, Andrea y Adriana. All\u00ed jugaba, iba a la guarder\u00eda&#8230; no me faltaba de nada. Dos o tres a\u00f1os despu\u00e9s me tuve [&hellip;]\" \/>\n<meta property=\"og:url\" content=\"https:\/\/fundacionaliciakoplowitz.org\/en\/the-foundation\/testimonios\/\" \/>\n<meta property=\"og:site_name\" content=\"Alicia Koplowitz Foundation\" \/>\n<meta property=\"article:modified_time\" content=\"2022-06-17T11:06:45+00:00\" \/>\n<meta property=\"og:image\" content=\"https:\/\/fundacionaliciakoplowitz.org\/wp-content\/uploads\/2020\/11\/0049-1024x735.jpg\" \/>\n<meta name=\"twitter:card\" content=\"summary_large_image\" \/>\n<meta name=\"twitter:label1\" content=\"Est. reading time\" \/>\n\t<meta name=\"twitter:data1\" content=\"5 minutes\" \/>\n<script type=\"application\/ld+json\" class=\"yoast-schema-graph\">{\"@context\":\"https:\/\/schema.org\",\"@graph\":[{\"@type\":\"WebPage\",\"@id\":\"https:\/\/fundacionaliciakoplowitz.org\/en\/the-foundation\/testimonios\/\",\"url\":\"https:\/\/fundacionaliciakoplowitz.org\/en\/the-foundation\/testimonios\/\",\"name\":\"Testimonials - Alicia Koplowitz Foundation\",\"isPartOf\":{\"@id\":\"https:\/\/fundacionaliciakoplowitz.org\/en\/#website\"},\"primaryImageOfPage\":{\"@id\":\"https:\/\/fundacionaliciakoplowitz.org\/en\/the-foundation\/testimonios\/#primaryimage\"},\"image\":{\"@id\":\"https:\/\/fundacionaliciakoplowitz.org\/en\/the-foundation\/testimonios\/#primaryimage\"},\"thumbnailUrl\":\"https:\/\/fundacionaliciakoplowitz.org\/wp-content\/uploads\/2020\/11\/0049-1024x735.jpg\",\"datePublished\":\"2022-04-25T15:04:20+00:00\",\"dateModified\":\"2022-06-17T11:06:45+00:00\",\"breadcrumb\":{\"@id\":\"https:\/\/fundacionaliciakoplowitz.org\/en\/the-foundation\/testimonios\/#breadcrumb\"},\"inLanguage\":\"en-US\",\"potentialAction\":[{\"@type\":\"ReadAction\",\"target\":[\"https:\/\/fundacionaliciakoplowitz.org\/en\/the-foundation\/testimonios\/\"]}]},{\"@type\":\"ImageObject\",\"inLanguage\":\"en-US\",\"@id\":\"https:\/\/fundacionaliciakoplowitz.org\/en\/the-foundation\/testimonios\/#primaryimage\",\"url\":\"https:\/\/fundacionaliciakoplowitz.org\/wp-content\/uploads\/2020\/11\/0049-1024x735.jpg\",\"contentUrl\":\"https:\/\/fundacionaliciakoplowitz.org\/wp-content\/uploads\/2020\/11\/0049-1024x735.jpg\"},{\"@type\":\"BreadcrumbList\",\"@id\":\"https:\/\/fundacionaliciakoplowitz.org\/en\/the-foundation\/testimonios\/#breadcrumb\",\"itemListElement\":[{\"@type\":\"ListItem\",\"position\":1,\"name\":\"Home\",\"item\":\"https:\/\/fundacionaliciakoplowitz.org\/en\/home-2\/\"},{\"@type\":\"ListItem\",\"position\":2,\"name\":\"The Foundation\",\"item\":\"https:\/\/fundacionaliciakoplowitz.org\/en\/the-foundation\/\"},{\"@type\":\"ListItem\",\"position\":3,\"name\":\"Testimonials\"}]},{\"@type\":\"WebSite\",\"@id\":\"https:\/\/fundacionaliciakoplowitz.org\/en\/#website\",\"url\":\"https:\/\/fundacionaliciakoplowitz.org\/en\/\",\"name\":\"Alicia Koplowitz Foundation\",\"description\":\"Alicia Koplowitz Foundation\",\"publisher\":{\"@id\":\"https:\/\/fundacionaliciakoplowitz.org\/en\/#organization\"},\"potentialAction\":[{\"@type\":\"SearchAction\",\"target\":{\"@type\":\"EntryPoint\",\"urlTemplate\":\"https:\/\/fundacionaliciakoplowitz.org\/en\/?s={search_term_string}\"},\"query-input\":{\"@type\":\"PropertyValueSpecification\",\"valueRequired\":true,\"valueName\":\"search_term_string\"}}],\"inLanguage\":\"en-US\"},{\"@type\":\"Organization\",\"@id\":\"https:\/\/fundacionaliciakoplowitz.org\/en\/#organization\",\"name\":\"Alicia Koplowitz Foundation\",\"url\":\"https:\/\/fundacionaliciakoplowitz.org\/en\/\",\"logo\":{\"@type\":\"ImageObject\",\"inLanguage\":\"en-US\",\"@id\":\"https:\/\/fundacionaliciakoplowitz.org\/en\/#\/schema\/logo\/image\/\",\"url\":\"https:\/\/fundacionaliciakoplowitz.org\/wp-content\/uploads\/2020\/10\/cropped-cropped-generico.png\",\"contentUrl\":\"https:\/\/fundacionaliciakoplowitz.org\/wp-content\/uploads\/2020\/10\/cropped-cropped-generico.png\",\"width\":512,\"height\":418,\"caption\":\"Alicia Koplowitz Foundation\"},\"image\":{\"@id\":\"https:\/\/fundacionaliciakoplowitz.org\/en\/#\/schema\/logo\/image\/\"}}]}<\/script>\n<!-- \/ Yoast SEO plugin. -->","yoast_head_json":{"title":"Testimonials - Alicia Koplowitz Foundation","robots":{"index":"index","follow":"follow","max-snippet":"max-snippet:-1","max-image-preview":"max-image-preview:large","max-video-preview":"max-video-preview:-1"},"canonical":"https:\/\/fundacionaliciakoplowitz.org\/en\/the-foundation\/testimonios\/","og_locale":"en_US","og_type":"article","og_title":"Testimonials - Alicia Koplowitz Foundation","og_description":"Testimonials espero quedarme el tiempo que necesite Rodrigo, 14 a\u00f1os \u201cMi vida en la Fundaci\u00f3n empez\u00f3 cuando entr\u00e9 a vivir en el hogar de Nador, en el centro de Madrid, con mis dos hermanas, Andrea y Adriana. All\u00ed jugaba, iba a la guarder\u00eda&#8230; no me faltaba de nada. Dos o tres a\u00f1os despu\u00e9s me tuve [&hellip;]","og_url":"https:\/\/fundacionaliciakoplowitz.org\/en\/the-foundation\/testimonios\/","og_site_name":"Alicia Koplowitz Foundation","article_modified_time":"2022-06-17T11:06:45+00:00","og_image":[{"url":"https:\/\/fundacionaliciakoplowitz.org\/wp-content\/uploads\/2020\/11\/0049-1024x735.jpg","type":"","width":"","height":""}],"twitter_card":"summary_large_image","twitter_misc":{"Est. reading time":"5 minutes"},"schema":{"@context":"https:\/\/schema.org","@graph":[{"@type":"WebPage","@id":"https:\/\/fundacionaliciakoplowitz.org\/en\/the-foundation\/testimonios\/","url":"https:\/\/fundacionaliciakoplowitz.org\/en\/the-foundation\/testimonios\/","name":"Testimonials - Alicia Koplowitz Foundation","isPartOf":{"@id":"https:\/\/fundacionaliciakoplowitz.org\/en\/#website"},"primaryImageOfPage":{"@id":"https:\/\/fundacionaliciakoplowitz.org\/en\/the-foundation\/testimonios\/#primaryimage"},"image":{"@id":"https:\/\/fundacionaliciakoplowitz.org\/en\/the-foundation\/testimonios\/#primaryimage"},"thumbnailUrl":"https:\/\/fundacionaliciakoplowitz.org\/wp-content\/uploads\/2020\/11\/0049-1024x735.jpg","datePublished":"2022-04-25T15:04:20+00:00","dateModified":"2022-06-17T11:06:45+00:00","breadcrumb":{"@id":"https:\/\/fundacionaliciakoplowitz.org\/en\/the-foundation\/testimonios\/#breadcrumb"},"inLanguage":"en-US","potentialAction":[{"@type":"ReadAction","target":["https:\/\/fundacionaliciakoplowitz.org\/en\/the-foundation\/testimonios\/"]}]},{"@type":"ImageObject","inLanguage":"en-US","@id":"https:\/\/fundacionaliciakoplowitz.org\/en\/the-foundation\/testimonios\/#primaryimage","url":"https:\/\/fundacionaliciakoplowitz.org\/wp-content\/uploads\/2020\/11\/0049-1024x735.jpg","contentUrl":"https:\/\/fundacionaliciakoplowitz.org\/wp-content\/uploads\/2020\/11\/0049-1024x735.jpg"},{"@type":"BreadcrumbList","@id":"https:\/\/fundacionaliciakoplowitz.org\/en\/the-foundation\/testimonios\/#breadcrumb","itemListElement":[{"@type":"ListItem","position":1,"name":"Home","item":"https:\/\/fundacionaliciakoplowitz.org\/en\/home-2\/"},{"@type":"ListItem","position":2,"name":"The Foundation","item":"https:\/\/fundacionaliciakoplowitz.org\/en\/the-foundation\/"},{"@type":"ListItem","position":3,"name":"Testimonials"}]},{"@type":"WebSite","@id":"https:\/\/fundacionaliciakoplowitz.org\/en\/#website","url":"https:\/\/fundacionaliciakoplowitz.org\/en\/","name":"Alicia Koplowitz Foundation","description":"Alicia Koplowitz Foundation","publisher":{"@id":"https:\/\/fundacionaliciakoplowitz.org\/en\/#organization"},"potentialAction":[{"@type":"SearchAction","target":{"@type":"EntryPoint","urlTemplate":"https:\/\/fundacionaliciakoplowitz.org\/en\/?s={search_term_string}"},"query-input":{"@type":"PropertyValueSpecification","valueRequired":true,"valueName":"search_term_string"}}],"inLanguage":"en-US"},{"@type":"Organization","@id":"https:\/\/fundacionaliciakoplowitz.org\/en\/#organization","name":"Alicia Koplowitz Foundation","url":"https:\/\/fundacionaliciakoplowitz.org\/en\/","logo":{"@type":"ImageObject","inLanguage":"en-US","@id":"https:\/\/fundacionaliciakoplowitz.org\/en\/#\/schema\/logo\/image\/","url":"https:\/\/fundacionaliciakoplowitz.org\/wp-content\/uploads\/2020\/10\/cropped-cropped-generico.png","contentUrl":"https:\/\/fundacionaliciakoplowitz.org\/wp-content\/uploads\/2020\/10\/cropped-cropped-generico.png","width":512,"height":418,"caption":"Alicia Koplowitz Foundation"},"image":{"@id":"https:\/\/fundacionaliciakoplowitz.org\/en\/#\/schema\/logo\/image\/"}}]}},"_links":{"self":[{"href":"https:\/\/fundacionaliciakoplowitz.org\/en\/wp-json\/wp\/v2\/pages\/3880","targetHints":{"allow":["GET"]}}],"collection":[{"href":"https:\/\/fundacionaliciakoplowitz.org\/en\/wp-json\/wp\/v2\/pages"}],"about":[{"href":"https:\/\/fundacionaliciakoplowitz.org\/en\/wp-json\/wp\/v2\/types\/page"}],"author":[{"embeddable":true,"href":"https:\/\/fundacionaliciakoplowitz.org\/en\/wp-json\/wp\/v2\/users\/2"}],"replies":[{"embeddable":true,"href":"https:\/\/fundacionaliciakoplowitz.org\/en\/wp-json\/wp\/v2\/comments?post=3880"}],"version-history":[{"count":12,"href":"https:\/\/fundacionaliciakoplowitz.org\/en\/wp-json\/wp\/v2\/pages\/3880\/revisions"}],"predecessor-version":[{"id":5641,"href":"https:\/\/fundacionaliciakoplowitz.org\/en\/wp-json\/wp\/v2\/pages\/3880\/revisions\/5641"}],"up":[{"embeddable":true,"href":"https:\/\/fundacionaliciakoplowitz.org\/en\/wp-json\/wp\/v2\/pages\/3848"}],"wp:attachment":[{"href":"https:\/\/fundacionaliciakoplowitz.org\/en\/wp-json\/wp\/v2\/media?parent=3880"}],"curies":[{"name":"wp","href":"https:\/\/api.w.org\/{rel}","templated":true}]}}